{"id":346,"date":"2020-05-07T16:30:12","date_gmt":"2020-05-07T16:30:12","guid":{"rendered":"https:\/\/transformacionessociales.udp.cl\/?page_id=346"},"modified":"2020-05-18T14:59:47","modified_gmt":"2020-05-18T14:59:47","slug":"podcast","status":"publish","type":"page","link":"https:\/\/transformacionessociales.udp.cl\/?page_id=346","title":{"rendered":"Podcast"},"content":{"rendered":"<p>Pensamiento N\u00f3mada es un programa de podcast que tiene como finalidad pensar la teor\u00eda social desde los intersticios. Sus episodios plantean problemas conceptuales que emanan de la fuerza viva de procesos y sujetos hist\u00f3ricamente situados, pero que no por ello renuncian a la sistematicidad y profundidad que requieren las grandes preguntas. Desarrollados en un formato minimalista y de corta duraci\u00f3n, estos episodios est\u00e1n dise\u00f1ados para resaltar la dimensi\u00f3n s\u00f3nica del pensamiento.<\/p>\n","protected":false},"excerpt":{"rendered":"<p>Pensamiento N\u00f3mada es un programa de podcast que tiene como finalidad pensar la teor\u00eda social desde los intersticios. Sus episodios plantean problemas conceptuales que emanan de la fuerza viva de procesos y sujetos hist\u00f3ricamente situados, pero que no por ello renuncian a la sistematicidad y profundidad que requieren las grandes preguntas. Desarrollados en un formato [&hellip;]<\/p>\n","protected":false},"author":1,"featured_media":0,"parent":0,"menu_order":0,"comment_status":"closed","ping_status":"closed","template":"","meta":{"_acf_changed":false,"footnotes":""},"class_list":["post-346","page","type-page","status-publish","hentry"],"acf":[],"_links":{"self":[{"href":"https:\/\/transformacionessociales.udp.cl\/index.php?rest_route=\/wp\/v2\/pages\/346","targetHints":{"allow":["GET"]}}],"collection":[{"href":"https:\/\/transformacionessociales.udp.cl\/index.php?rest_route=\/wp\/v2\/pages"}],"about":[{"href":"https:\/\/transformacionessociales.udp.cl\/index.php?rest_route=\/wp\/v2\/types\/page"}],"author":[{"embeddable":true,"href":"https:\/\/transformacionessociales.udp.cl\/index.php?rest_route=\/wp\/v2\/users\/1"}],"replies":[{"embeddable":true,"href":"https:\/\/transformacionessociales.udp.cl\/index.php?rest_route=%2Fwp%2Fv2%2Fcomments&post=346"}],"version-history":[{"count":8,"href":"https:\/\/transformacionessociales.udp.cl\/index.php?rest_route=\/wp\/v2\/pages\/346\/revisions"}],"predecessor-version":[{"id":369,"href":"https:\/\/transformacionessociales.udp.cl\/index.php?rest_route=\/wp\/v2\/pages\/346\/revisions\/369"}],"wp:attachment":[{"href":"https:\/\/transformacionessociales.udp.cl\/index.php?rest_route=%2Fwp%2Fv2%2Fmedia&parent=346"}],"curies":[{"name":"wp","href":"https:\/\/api.w.org\/{rel}","templated":true}]}}